{"id":293,"date":"2024-09-13T11:38:30","date_gmt":"2024-09-13T09:38:30","guid":{"rendered":"https:\/\/laurenzguenther.eu\/?page_id=293"},"modified":"2026-04-19T13:53:57","modified_gmt":"2026-04-19T11:53:57","slug":"policy-work","status":"publish","type":"page","link":"https:\/\/laurenzguenther.eu\/?page_id=293","title":{"rendered":"Media"},"content":{"rendered":"\n<h2 class=\"wp-block-heading has-text-align-center has-medium-font-size\">Video Presentations<\/h2>\n\n\n\n<hr class=\"wp-block-separator has-alpha-channel-opacity\"\/>\n\n\n\n<div class=\"wp-block-group is-layout-constrained wp-container-core-group-is-layout-5d61689c wp-block-group-is-layout-constrained\">\n<div class=\"wp-block-columns are-vertically-aligned-center is-layout-flex wp-container-core-columns-is-layout-f0342b05 wp-block-columns-is-layout-flex\" style=\"border-style:none;border-width:0px;margin-top:0;margin-bottom:0\">\n<div class=\"wp-block-column is-vertically-aligned-center is-content-justification-center is-layout-constrained wp-container-core-column-is-layout-7c092989 wp-block-column-is-layout-constrained\" style=\"border-top-style:none;border-top-width:0px;border-bottom-style:none;border-bottom-width:0px;padding-top:0;padding-right:0;padding-bottom:0;padding-left:0;flex-basis:600px\">\n<h4 class=\"wp-block-heading has-normal-font-size\"><a href=\"https:\/\/iep.unibocconi.eu\/are-mainstream-parties-main-cause-rise-populist-and-far-right-parties\" data-type=\"link\" data-id=\"https:\/\/iep.unibocconi.eu\/events\/why-are-populist-parties-so-successful-eu\">Are Mainstream Parties the Main Cause of the Rise of Populist and Far Right Parties?<\/a><\/h4>\n\n\n\n<p class=\"has-small-font-size\"><em>IEP@BU webinar<\/em> (2025)<\/p>\n\n\n\n<p><\/p>\n\n\n\n<p class=\"has-small-font-size\" style=\"margin-top:0;margin-right:0;margin-bottom:0;margin-left:0\">This seminar discusses research on populism showing that populist parties gain support by addressing gaps in political representation \u2014 specifically, aligning with voters\u2019 genuine policy preferences \u2014 rather than merely channeling protest or anti-elite sentiment.<\/p>\n<\/div>\n\n\n\n<div class=\"wp-block-column is-vertically-aligned-center is-content-justification-center is-layout-constrained wp-container-core-column-is-layout-7d5d6198 wp-block-column-is-layout-constrained\" style=\"border-top-style:none;border-top-width:0px;border-bottom-style:none;border-bottom-width:0px;padding-top:0;padding-right:0;padding-bottom:0;padding-left:0;flex-basis:600px\">\n<figure class=\"wp-block-image size-full\"><img loading=\"lazy\" decoding=\"async\" width=\"1050\" height=\"700\" src=\"http:\/\/laurenzguenther.eu\/wp-content\/uploads\/2025\/11\/POPULISM-CATHERINE-2.png.png\" alt=\"\" class=\"wp-image-449\" srcset=\"https:\/\/laurenzguenther.eu\/wp-content\/uploads\/2025\/11\/POPULISM-CATHERINE-2.png.png 1050w, https:\/\/laurenzguenther.eu\/wp-content\/uploads\/2025\/11\/POPULISM-CATHERINE-2.png-300x200.png 300w\" sizes=\"auto, (max-width: 1050px) 100vw, 1050px\" \/><\/figure>\n<\/div>\n<\/div>\n<\/div>\n\n\n\n<div style=\"height:21px\" aria-hidden=\"true\" class=\"wp-block-spacer\"><\/div>\n\n\n\n<div class=\"wp-block-group is-layout-constrained wp-container-core-group-is-layout-5d61689c wp-block-group-is-layout-constrained\">\n<div class=\"wp-block-columns are-vertically-aligned-center is-layout-flex wp-container-core-columns-is-layout-f0342b05 wp-block-columns-is-layout-flex\" style=\"border-style:none;border-width:0px;margin-top:0;margin-bottom:0\">\n<div class=\"wp-block-column is-vertically-aligned-center is-content-justification-center is-layout-constrained wp-container-core-column-is-layout-7c092989 wp-block-column-is-layout-constrained\" style=\"border-top-style:none;border-top-width:0px;border-bottom-style:none;border-bottom-width:0px;padding-top:0;padding-right:0;padding-bottom:0;padding-left:0;flex-basis:600px\">\n<h4 class=\"wp-block-heading has-normal-font-size\"><a href=\"https:\/\/iep.unibocconi.eu\/events\/why-are-populist-parties-so-successful-eu\" data-type=\"link\" data-id=\"https:\/\/iep.unibocconi.eu\/events\/why-are-populist-parties-so-successful-eu\">Why are Populist Parties so Successful in the EU?<\/a><\/h4>\n\n\n\n<p class=\"has-small-font-size\"><em>IEP@BU webinar<\/em> (2024)<\/p>\n\n\n\n<p><\/p>\n\n\n\n<p class=\"has-small-font-size\" style=\"margin-top:0;margin-right:0;margin-bottom:0;margin-left:0\">The June 2024 European Elections will see once again a competition between mainstream parties and populist, or nativist movements. Laurenz Guenther finds that, while policymaking represents the economic attitudes of citizens relatively well, there exist large representation gaps on cultural issues in nearly all European countries.<\/p>\n<\/div>\n\n\n\n<div class=\"wp-block-column is-vertically-aligned-center is-content-justification-center is-layout-constrained wp-container-core-column-is-layout-7d5d6198 wp-block-column-is-layout-constrained\" style=\"border-top-style:none;border-top-width:0px;border-bottom-style:none;border-bottom-width:0px;padding-top:0;padding-right:0;padding-bottom:0;padding-left:0;flex-basis:600px\">\n<figure class=\"wp-block-image size-large\"><img loading=\"lazy\" decoding=\"async\" width=\"1024\" height=\"683\" src=\"http:\/\/laurenzguenther.eu\/wp-content\/uploads\/2024\/09\/presentation_1-1024x683.webp\" alt=\"\" class=\"wp-image-300\" srcset=\"https:\/\/laurenzguenther.eu\/wp-content\/uploads\/2024\/09\/presentation_1-1024x683.webp 1024w, https:\/\/laurenzguenther.eu\/wp-content\/uploads\/2024\/09\/presentation_1-300x200.webp 300w, https:\/\/laurenzguenther.eu\/wp-content\/uploads\/2024\/09\/presentation_1-768x512.webp 768w, https:\/\/laurenzguenther.eu\/wp-content\/uploads\/2024\/09\/presentation_1.webp 1050w\" sizes=\"auto, (max-width: 1024px) 100vw, 1024px\" \/><\/figure>\n<\/div>\n<\/div>\n\n\n\n<p><\/p>\n<\/div>\n\n\n\n<div style=\"height:59px\" aria-hidden=\"true\" class=\"wp-block-spacer\"><\/div>\n\n\n\n<h3 class=\"wp-block-heading has-text-align-center has-medium-font-size\">Policy Commentaries<\/h3>\n\n\n\n<hr class=\"wp-block-separator has-alpha-channel-opacity is-style-default\"\/>\n\n\n\n<div class=\"wp-block-group is-layout-constrained wp-container-core-group-is-layout-5d61689c wp-block-group-is-layout-constrained\">\n<div class=\"wp-block-columns are-vertically-aligned-center is-layout-flex wp-container-core-columns-is-layout-f0342b05 wp-block-columns-is-layout-flex\" style=\"border-style:none;border-width:0px;margin-top:0;margin-bottom:0\">\n<div class=\"wp-block-column is-vertically-aligned-center is-content-justification-center is-layout-constrained wp-container-core-column-is-layout-7c092989 wp-block-column-is-layout-constrained\" style=\"border-top-style:none;border-top-width:0px;border-bottom-style:none;border-bottom-width:0px;padding-top:0;padding-right:0;padding-bottom:0;padding-left:0;flex-basis:600px\">\n<h4 class=\"wp-block-heading has-normal-font-size\"><a href=\"https:\/\/theconversation.com\/representation-gaps-and-the-rise-of-populism-245871\" data-type=\"link\" data-id=\"https:\/\/theconversation.com\/representation-gaps-and-the-rise-of-populism-245871\">Representation Gaps and the Rise of Populism<\/a><\/h4>\n\n\n\n<p class=\"has-small-font-size\"><em>THE CONVERSATION<\/em> (2025)<\/p>\n\n\n\n<p><\/p>\n\n\n\n<p class=\"has-small-font-size\" style=\"margin-top:0;margin-right:0;margin-bottom:0;margin-left:0\">Mainstream parties must recognise what voters are asking for, otherwise they are playing into&nbsp;<em>populist<\/em>&nbsp;hands.<\/p>\n<\/div>\n\n\n\n<div class=\"wp-block-column is-vertically-aligned-center is-content-justification-center is-layout-constrained wp-container-core-column-is-layout-7d5d6198 wp-block-column-is-layout-constrained\" style=\"border-top-style:none;border-top-width:0px;border-bottom-style:none;border-bottom-width:0px;padding-top:0;padding-right:0;padding-bottom:0;padding-left:0;flex-basis:600px\">\n<figure class=\"wp-block-image size-large\"><img loading=\"lazy\" decoding=\"async\" width=\"1024\" height=\"676\" src=\"https:\/\/laurenzguenther.eu\/wp-content\/uploads\/2025\/02\/europe-1-1024x676.png\" alt=\"\" class=\"wp-image-393\" srcset=\"https:\/\/laurenzguenther.eu\/wp-content\/uploads\/2025\/02\/europe-1-1024x676.png 1024w, https:\/\/laurenzguenther.eu\/wp-content\/uploads\/2025\/02\/europe-1-300x198.png 300w, https:\/\/laurenzguenther.eu\/wp-content\/uploads\/2025\/02\/europe-1-768x507.png 768w, https:\/\/laurenzguenther.eu\/wp-content\/uploads\/2025\/02\/europe-1.png 1029w\" sizes=\"auto, (max-width: 1024px) 100vw, 1024px\" \/><\/figure>\n<\/div>\n<\/div>\n<\/div>\n\n\n\n<div style=\"height:21px\" aria-hidden=\"true\" class=\"wp-block-spacer\"><\/div>\n\n\n\n<div class=\"wp-block-group is-layout-constrained wp-container-core-group-is-layout-5d61689c wp-block-group-is-layout-constrained\">\n<div class=\"wp-block-columns are-vertically-aligned-center is-layout-flex wp-container-core-columns-is-layout-f0342b05 wp-block-columns-is-layout-flex\" style=\"border-style:none;border-width:0px;margin-top:0;margin-bottom:0\">\n<div class=\"wp-block-column is-vertically-aligned-center is-content-justification-center is-layout-constrained wp-container-core-column-is-layout-7c092989 wp-block-column-is-layout-constrained\" style=\"border-top-style:none;border-top-width:0px;border-bottom-style:none;border-bottom-width:0px;padding-top:0;padding-right:0;padding-bottom:0;padding-left:0;flex-basis:600px\">\n<h4 class=\"wp-block-heading has-normal-font-size\"><a href=\"https:\/\/iep.unibocconi.eu\/representation-gap-weakening-germanys-traditional-left\">The Representation Gap Weakening Germany&#8217;s Traditional Left<\/a> <\/h4>\n\n\n\n<p class=\"has-small-font-size\"><em>IEP@BU commentary<\/em> (2024)<\/p>\n\n\n\n<p><\/p>\n\n\n\n<p class=\"has-small-font-size\" style=\"margin-top:0;margin-right:0;margin-bottom:0;margin-left:0\">The crisis of Die Linke and the rise of BSW demonstrate that parties combining left-wing economic policies with culturally conservative stances, particularly on migration, are becoming more competitive.<\/p>\n<\/div>\n\n\n\n<div class=\"wp-block-column is-vertically-aligned-center is-content-justification-center is-layout-constrained wp-container-core-column-is-layout-7d5d6198 wp-block-column-is-layout-constrained\" style=\"border-top-style:none;border-top-width:0px;border-bottom-style:none;border-bottom-width:0px;padding-top:0;padding-right:0;padding-bottom:0;padding-left:0;flex-basis:600px\">\n<figure class=\"wp-block-image size-large\"><img loading=\"lazy\" decoding=\"async\" width=\"1024\" height=\"734\" src=\"http:\/\/laurenzguenther.eu\/wp-content\/uploads\/2024\/09\/bsw-1024x734.png\" alt=\"\" class=\"wp-image-299\" srcset=\"https:\/\/laurenzguenther.eu\/wp-content\/uploads\/2024\/09\/bsw-1024x734.png 1024w, https:\/\/laurenzguenther.eu\/wp-content\/uploads\/2024\/09\/bsw-300x215.png 300w, https:\/\/laurenzguenther.eu\/wp-content\/uploads\/2024\/09\/bsw-768x551.png 768w, https:\/\/laurenzguenther.eu\/wp-content\/uploads\/2024\/09\/bsw.png 1050w\" sizes=\"auto, (max-width: 1024px) 100vw, 1024px\" \/><\/figure>\n<\/div>\n<\/div>\n<\/div>\n\n\n\n<div style=\"height:21px\" aria-hidden=\"true\" class=\"wp-block-spacer\"><\/div>\n\n\n\n<div class=\"wp-block-group is-layout-constrained wp-container-core-group-is-layout-5d61689c wp-block-group-is-layout-constrained\">\n<div class=\"wp-block-columns are-vertically-aligned-center is-layout-flex wp-container-core-columns-is-layout-f0342b05 wp-block-columns-is-layout-flex\" style=\"border-style:none;border-width:0px;margin-top:0;margin-bottom:0\">\n<div class=\"wp-block-column is-vertically-aligned-center is-content-justification-center is-layout-constrained wp-container-core-column-is-layout-7c092989 wp-block-column-is-layout-constrained\" style=\"border-top-style:none;border-top-width:0px;border-bottom-style:none;border-bottom-width:0px;padding-top:0;padding-right:0;padding-bottom:0;padding-left:0;flex-basis:600px\">\n<h4 class=\"wp-block-heading has-normal-font-size\"><a href=\"https:\/\/iep.unibocconi.eu\/why-european-far-right-parties-are-poised-continue-rising\">Why European Far-Right Parties Are Poised to Continue Rising<\/a> (2024)<\/h4>\n\n\n\n<p class=\"has-small-font-size\"><em>IEP@BU commentary<\/em><\/p>\n\n\n\n<p><\/p>\n\n\n\n<p class=\"has-small-font-size\" style=\"margin-top:0;margin-right:0;margin-bottom:0;margin-left:0\">About half of the European population views all established parties as too culturally liberal, especially on migration policies. Why this might mean that the rise of right-wing populism is far from over and has a very ceiling, if any.<\/p>\n<\/div>\n\n\n\n<div class=\"wp-block-column is-vertically-aligned-center is-content-justification-center is-layout-constrained wp-container-core-column-is-layout-7d5d6198 wp-block-column-is-layout-constrained\" style=\"border-top-style:none;border-top-width:0px;border-bottom-style:none;border-bottom-width:0px;padding-top:0;padding-right:0;padding-bottom:0;padding-left:0;flex-basis:600px\">\n<figure class=\"wp-block-image size-large\"><img loading=\"lazy\" decoding=\"async\" width=\"1024\" height=\"683\" src=\"http:\/\/laurenzguenther.eu\/wp-content\/uploads\/2024\/09\/commentary_1-1024x683.webp\" alt=\"\" class=\"wp-image-301\" srcset=\"https:\/\/laurenzguenther.eu\/wp-content\/uploads\/2024\/09\/commentary_1-1024x683.webp 1024w, https:\/\/laurenzguenther.eu\/wp-content\/uploads\/2024\/09\/commentary_1-300x200.webp 300w, https:\/\/laurenzguenther.eu\/wp-content\/uploads\/2024\/09\/commentary_1-768x512.webp 768w, https:\/\/laurenzguenther.eu\/wp-content\/uploads\/2024\/09\/commentary_1.webp 1050w\" sizes=\"auto, (max-width: 1024px) 100vw, 1024px\" \/><\/figure>\n<\/div>\n<\/div>\n<\/div>\n\n\n\n<div style=\"height:21px\" aria-hidden=\"true\" class=\"wp-block-spacer\"><\/div>\n\n\n\n<h3 class=\"wp-block-heading has-text-align-center has-medium-font-size\">Book Chapters and Magazine Articles<\/h3>\n\n\n\n<hr class=\"wp-block-separator has-alpha-channel-opacity\"\/>\n\n\n\n<div class=\"wp-block-group is-layout-constrained wp-container-core-group-is-layout-5d61689c wp-block-group-is-layout-constrained\">\n<div class=\"wp-block-columns is-layout-flex wp-container-core-columns-is-layout-28f84493 wp-block-columns-is-layout-flex\">\n<div class=\"wp-block-column is-layout-flow wp-block-column-is-layout-flow\" style=\"flex-basis:600px\">\n<h4 class=\"wp-block-heading has-normal-font-size\"><a href=\"https:\/\/www.ipg-journal.de\/rubriken\/demokratie-und-gesellschaft\/artikel\/linke-luecke-8140\/\" data-type=\"link\" data-id=\"https:\/\/www.ipg-journal.de\/rubriken\/demokratie-und-gesellschaft\/artikel\/linke-luecke-8140\/\">Linke L\u00fccke<\/a> <\/h4>\n\n\n\n<p class=\"has-small-font-size\"><em>Internationale Politik und Gesellschaft<\/em> (2025)<\/p>\n\n\n\n<p class=\"has-small-font-size\">Europaweit sind Rechtspopulisten im Aufwind. Wie Mitte-links-Parteien die Repr\u00e4sentationsl\u00fccke schlie\u00dfen und verlorene W\u00e4hler zur\u00fcckgewinnen k\u00f6nnen.<\/p>\n\n\n\n<p class=\"has-small-font-size\"><\/p>\n<\/div>\n\n\n\n<div class=\"wp-block-column is-layout-flow wp-block-column-is-layout-flow\" style=\"flex-basis:600px\">\n<figure class=\"wp-block-image size-large\"><img loading=\"lazy\" decoding=\"async\" width=\"1024\" height=\"436\" src=\"https:\/\/laurenzguenther.eu\/wp-content\/uploads\/2025\/03\/csm_93879143_Guenther_a0c640e73a-1-1024x436.jpg\" alt=\"\" class=\"wp-image-402\" srcset=\"https:\/\/laurenzguenther.eu\/wp-content\/uploads\/2025\/03\/csm_93879143_Guenther_a0c640e73a-1-1024x436.jpg 1024w, https:\/\/laurenzguenther.eu\/wp-content\/uploads\/2025\/03\/csm_93879143_Guenther_a0c640e73a-1-300x128.jpg 300w, https:\/\/laurenzguenther.eu\/wp-content\/uploads\/2025\/03\/csm_93879143_Guenther_a0c640e73a-1-768x327.jpg 768w, https:\/\/laurenzguenther.eu\/wp-content\/uploads\/2025\/03\/csm_93879143_Guenther_a0c640e73a-1.jpg 1140w\" sizes=\"auto, (max-width: 1024px) 100vw, 1024px\" \/><\/figure>\n<\/div>\n<\/div>\n<\/div>\n\n\n\n<div style=\"height:21px\" aria-hidden=\"true\" class=\"wp-block-spacer\"><\/div>\n\n\n\n<div style=\"height:0px\" aria-hidden=\"true\" class=\"wp-block-spacer\"><\/div>\n\n\n\n<div class=\"wp-block-group is-layout-constrained wp-container-core-group-is-layout-5d61689c wp-block-group-is-layout-constrained\">\n<div class=\"wp-block-columns are-vertically-aligned-center is-layout-flex wp-container-core-columns-is-layout-f0342b05 wp-block-columns-is-layout-flex\" style=\"border-style:none;border-width:0px;margin-top:0;margin-bottom:0\">\n<div class=\"wp-block-column is-vertically-aligned-center is-content-justification-center is-layout-constrained wp-container-core-column-is-layout-7c092989 wp-block-column-is-layout-constrained\" style=\"border-top-style:none;border-top-width:0px;border-bottom-style:none;border-bottom-width:0px;padding-top:0;padding-right:0;padding-bottom:0;padding-left:0;flex-basis:600px\">\n<h4 class=\"wp-block-heading has-normal-font-size\"><a href=\"https:\/\/www.ipg-journal.de\/rubriken\/demokratie-und-gesellschaft\/artikel\/die-andere-gefahr-7968\/\">Die andere Gefahr<\/a><\/h4>\n\n\n\n<p class=\"has-small-font-size\"><em>Internationale Politik und Gesellschaft (2025)<\/em><\/p>\n\n\n\n<p><\/p>\n\n\n\n<p class=\"has-small-font-size\" style=\"margin-top:0;margin-right:0;margin-bottom:0;margin-left:0\"><em>Die Annahme, Fake News w\u00fcrden Wahlen entscheiden, ist weit verbreitet. Dieses irref\u00fchrende Narrativ sch\u00fcrt Misstrauen und schadet der Demokratie.<\/em><\/p>\n<\/div>\n\n\n\n<div class=\"wp-block-column is-vertically-aligned-center is-content-justification-center is-layout-constrained wp-container-core-column-is-layout-7d5d6198 wp-block-column-is-layout-constrained\" style=\"border-top-style:none;border-top-width:0px;border-bottom-style:none;border-bottom-width:0px;padding-top:0;padding-right:0;padding-bottom:0;padding-left:0;flex-basis:600px\">\n<figure class=\"wp-block-image size-large\"><img loading=\"lazy\" decoding=\"async\" width=\"1024\" height=\"436\" src=\"https:\/\/laurenzguenther.eu\/wp-content\/uploads\/2025\/01\/csm_496837058_Guenther_c05e656a5c-1024x436.jpg\" alt=\"\" class=\"wp-image-388\" srcset=\"https:\/\/laurenzguenther.eu\/wp-content\/uploads\/2025\/01\/csm_496837058_Guenther_c05e656a5c-1024x436.jpg 1024w, https:\/\/laurenzguenther.eu\/wp-content\/uploads\/2025\/01\/csm_496837058_Guenther_c05e656a5c-300x128.jpg 300w, https:\/\/laurenzguenther.eu\/wp-content\/uploads\/2025\/01\/csm_496837058_Guenther_c05e656a5c-768x327.jpg 768w, https:\/\/laurenzguenther.eu\/wp-content\/uploads\/2025\/01\/csm_496837058_Guenther_c05e656a5c.jpg 1140w\" sizes=\"auto, (max-width: 1024px) 100vw, 1024px\" \/><\/figure>\n<\/div>\n<\/div>\n\n\n\n<p><\/p>\n\n\n\n<div class=\"wp-block-columns are-vertically-aligned-center is-layout-flex wp-container-core-columns-is-layout-f0342b05 wp-block-columns-is-layout-flex\" style=\"border-style:none;border-width:0px;margin-top:0;margin-bottom:0\">\n<div class=\"wp-block-column is-vertically-aligned-center is-content-justification-center is-layout-constrained wp-container-core-column-is-layout-7c092989 wp-block-column-is-layout-constrained\" style=\"border-top-style:none;border-top-width:0px;border-bottom-style:none;border-bottom-width:0px;padding-top:0;padding-right:0;padding-bottom:0;padding-left:0;flex-basis:600px\">\n<h4 class=\"wp-block-heading has-normal-font-size\"><a href=\"https:\/\/www.rivistaeco.com\/2024\/10\/18\/se-gli-elettori-sono-piu-conservatori-degli-eletti\/\">When voters are more conservative than elected representatives<\/a><\/h4>\n\n\n\n<p class=\"has-small-font-size\"><em>Eco, the monthly economics magazine<\/em> (2024)<\/p>\n\n\n\n<p><\/p>\n\n\n\n<p class=\"has-small-font-size\" style=\"margin-top:0;margin-right:0;margin-bottom:0;margin-left:0\"><em>This article discusses evidence of \u201cpolitical representation gaps\u201d \u2014 policymaking in most European countries differs systematically from the popular will. I also discuss how populists exploit representation gaps, how non-populist parties could win back voters, and examine potential causes of representation gaps.<\/em><\/p>\n<\/div>\n\n\n\n<div class=\"wp-block-column is-vertically-aligned-center is-content-justification-center is-layout-constrained wp-container-core-column-is-layout-7d5d6198 wp-block-column-is-layout-constrained\" style=\"border-top-style:none;border-top-width:0px;border-bottom-style:none;border-bottom-width:0px;padding-top:0;padding-right:0;padding-bottom:0;padding-left:0;flex-basis:600px\">\n<figure class=\"wp-block-image size-large is-resized\"><img loading=\"lazy\" decoding=\"async\" width=\"671\" height=\"1024\" src=\"https:\/\/laurenzguenther.eu\/wp-content\/uploads\/2024\/11\/ECO_7_MOCK-671x1024.png\" alt=\"\" class=\"wp-image-362\" style=\"width:243px;height:auto\" srcset=\"https:\/\/laurenzguenther.eu\/wp-content\/uploads\/2024\/11\/ECO_7_MOCK-671x1024.png 671w, https:\/\/laurenzguenther.eu\/wp-content\/uploads\/2024\/11\/ECO_7_MOCK-196x300.png 196w, https:\/\/laurenzguenther.eu\/wp-content\/uploads\/2024\/11\/ECO_7_MOCK-768x1173.png 768w, https:\/\/laurenzguenther.eu\/wp-content\/uploads\/2024\/11\/ECO_7_MOCK-1006x1536.png 1006w, https:\/\/laurenzguenther.eu\/wp-content\/uploads\/2024\/11\/ECO_7_MOCK-1341x2048.png 1341w, https:\/\/laurenzguenther.eu\/wp-content\/uploads\/2024\/11\/ECO_7_MOCK.png 1695w\" sizes=\"auto, (max-width: 671px) 100vw, 671px\" \/><\/figure>\n\n\n\n<div style=\"height:35px\" aria-hidden=\"true\" class=\"wp-block-spacer\"><\/div>\n<\/div>\n<\/div>\n<\/div>\n\n\n\n<div class=\"wp-block-group is-layout-constrained wp-container-core-group-is-layout-5d61689c wp-block-group-is-layout-constrained\"><\/div>\n","protected":false},"excerpt":{"rendered":"<p>Video Presentations Are Mainstream Parties the Main Cause of the Rise of Populist and Far Right Parties? IEP@BU webinar (2025) This seminar discusses research on populism showing that populist parties gain support by addressing gaps in political representation \u2014 specifically, aligning with voters\u2019 genuine policy preferences \u2014 rather than merely channeling protest or anti-elite sentiment. [&hellip;]<\/p>\n","protected":false},"author":1,"featured_media":0,"parent":0,"menu_order":0,"comment_status":"closed","ping_status":"closed","template":"","meta":{"_monsterinsights_skip_tracking":false,"_monsterinsights_sitenote_active":false,"_monsterinsights_sitenote_note":"","_monsterinsights_sitenote_category":0,"footnotes":""},"class_list":["post-293","page","type-page","status-publish","hentry"],"_links":{"self":[{"href":"https:\/\/laurenzguenther.eu\/index.php?rest_route=\/wp\/v2\/pages\/293","targetHints":{"allow":["GET"]}}],"collection":[{"href":"https:\/\/laurenzguenther.eu\/index.php?rest_route=\/wp\/v2\/pages"}],"about":[{"href":"https:\/\/laurenzguenther.eu\/index.php?rest_route=\/wp\/v2\/types\/page"}],"author":[{"embeddable":true,"href":"https:\/\/laurenzguenther.eu\/index.php?rest_route=\/wp\/v2\/users\/1"}],"replies":[{"embeddable":true,"href":"https:\/\/laurenzguenther.eu\/index.php?rest_route=%2Fwp%2Fv2%2Fcomments&post=293"}],"version-history":[{"count":17,"href":"https:\/\/laurenzguenther.eu\/index.php?rest_route=\/wp\/v2\/pages\/293\/revisions"}],"predecessor-version":[{"id":471,"href":"https:\/\/laurenzguenther.eu\/index.php?rest_route=\/wp\/v2\/pages\/293\/revisions\/471"}],"wp:attachment":[{"href":"https:\/\/laurenzguenther.eu\/index.php?rest_route=%2Fwp%2Fv2%2Fmedia&parent=293"}],"curies":[{"name":"wp","href":"https:\/\/api.w.org\/{rel}","templated":true}]}}